{"id":2886,"date":"2021-11-07T12:20:06","date_gmt":"2021-11-07T11:20:06","guid":{"rendered":"https:\/\/meditentramis.net\/?page_id=2886"},"modified":"2022-08-18T22:52:49","modified_gmt":"2022-08-18T20:52:49","slug":"temoignages-apres-un-sejour-individuel","status":"publish","type":"page","link":"https:\/\/meditentramis.net\/index.php\/temoignages-apres-un-sejour-individuel\/","title":{"rendered":"T\u00e9moignages apr\u00e8s un s\u00e9jour individuel"},"content":{"rendered":"\n<h6 class=\"wp-block-heading\"><strong>Thomas est venue en juillet 2022 dans le cadre d&#8217;un s\u00e9jour individuel. Il a transmis cette vid\u00e9o quelques jours apr\u00e8s ce s\u00e9jour.<\/strong><\/h6>\n\n\n\n<figure class=\"wp-block-embed is-type-video is-provider-vimeo wp-block-embed-vimeo wp-embed-aspect-16-9 wp-has-aspect-ratio\"><div class=\"wp-block-embed__wrapper\">\n<iframe loading=\"lazy\" title=\"sejourIndividuelThomasJuillet2022\" src=\"https:\/\/player.vimeo.com\/video\/739397638?h=ddd161917a&amp;dnt=1&amp;app_id=122963\" width=\"840\" height=\"473\" frameborder=\"0\" allow=\"autoplay; fullscreen; picture-in-picture\" allowfullscreen><\/iframe>\n<\/div><\/figure>\n\n\n\n<h6 class=\"wp-block-heading\">Marion est venue en mars 2022 dans le cadre d&#8217;un s\u00e9jour individuel et a r\u00e9alis\u00e9 ce dessin qu&#8217;elle a offert en partant<\/h6>\n\n\n\n<figure class=\"wp-block-image size-large\"><img loading=\"lazy\" decoding=\"async\" width=\"472\" height=\"354\" src=\"https:\/\/meditentramis.net\/wp-content\/uploads\/2022\/04\/temoignageMarion-1.png\" alt=\"\" class=\"wp-image-3297\" srcset=\"https:\/\/meditentramis.net\/wp-content\/uploads\/2022\/04\/temoignageMarion-1.png 472w, https:\/\/meditentramis.net\/wp-content\/uploads\/2022\/04\/temoignageMarion-1-300x225.png 300w\" sizes=\"(max-width: 472px) 85vw, 472px\" \/><\/figure>\n\n\n\n<h6 class=\"wp-block-heading\">Pauline est venue en avril 2021 dans le cadre d&#8217;un s\u00e9jour individuel et a r\u00e9alis\u00e9 cette vid\u00e9o avant de partir<\/h6>\n\n\n\n<figure class=\"wp-block-embed is-type-video is-provider-vimeo wp-block-embed-vimeo wp-embed-aspect-9-16 wp-has-aspect-ratio\"><div class=\"wp-block-embed__wrapper\">\n<iframe loading=\"lazy\" title=\"Pauline\" src=\"https:\/\/player.vimeo.com\/video\/548831846?h=a054d3b71d&amp;dnt=1&amp;app_id=122963\" width=\"360\" height=\"640\" frameborder=\"0\" allow=\"autoplay; fullscreen; picture-in-picture\" allowfullscreen><\/iframe>\n<\/div><\/figure>\n\n\n\n<h6 class=\"wp-block-heading\">Maud est venue en d\u00e9cembre 2021 dans le cadre d&#8217;un s\u00e9jour individuel et a \u00e9crit ces quelques lignes peu apr\u00e8s <\/h6>\n\n\n\n<blockquote class=\"wp-block-quote is-layout-flow wp-block-quote-is-layout-flow\"><p>Yannick est tr\u00e8s accueillant et son lieu aussi. La proposition peut s&#8217;adapter au jour le jour en fonction des besoins de chacun.e, avec un rythme tout de m\u00eame n\u00e9cessaire \u00e0 la m\u00e9ditation. Ce s\u00e9jour de 4 jours a \u00e9t\u00e9 tr\u00e8s ressour\u00e7ant pour moi. Merci encore \ud83d\ude4f\ud83c\udffc<\/p><\/blockquote>\n\n\n\n<h6 class=\"wp-block-heading\">Xavier est venu en ao\u00fbt 2021 dans le cadre d&#8217;un s\u00e9jour individuel et a \u00e9crit peu apr\u00e8s ce t\u00e9moignage<\/h6>\n\n\n\n<blockquote class=\"wp-block-quote is-layout-flow wp-block-quote-is-layout-flow\"><p>Je cherchais un lieu en Bretagne, car c\u2019est une terre maternelle dont l\u2019\u00e9nergie me porte, pour me ressourcer et m&#8217;apaiser dans une p\u00e9riode de vie professionnelle douloureuse.<br>Cette recherche m\u2019a conduit \u00e0 Yannick avec qui un lien s\u2019est tr\u00e8s vite cr\u00e9\u00e9. Il m\u2019a parl\u00e9 de son projet avec Pascal , de La Mudit\u0101 et de Plovan, de la vie communautaire et la m\u00e9ditation en pleine conscience. Suite \u00e0 ces \u00e9changes, j\u2019ai tout de suite compris que c\u2019\u00e9tait le lieu qu\u2019il me fallait, bien que je ne connaisse rien de la m\u00e9ditation en pleine conscience.<br>J&#8217;avais quelque chose \u00e0 vivre ici . Nous avons donc convenu ensemble d\u2019un s\u00e9jour individuel.<br>La Mudit\u0101, c\u2019est d\u2019abord une maison qui respire la simplicit\u00e9 et le d\u00e9pouillement au c\u0153ur d\u2019un bourg. C\u2019est aussi un jardin arbor\u00e9 o\u00f9 r\u00e8gne la s\u00e9r\u00e9nit\u00e9.<br>La Mudit\u0101, c\u2019est aussi Yannick, qui m\u2019a accueilli avec la m\u00eame simplicit\u00e9 que la maison qui l\u2019abrite parce qu\u2019elle lui ressemble. Je me suis senti comme chez moi et dans une connexion simple avec lui et ce lieu.<br>Si je n\u2019\u00e9tais pas vierge de toute pratique m\u00e9ditative, je n\u2019avais jamais abord\u00e9 ce mode particulier de la m\u00e9ditation en pleine conscience. C\u2019est avec une certaine \u00e9vidence que j\u2019ai pu vivre cette r\u00e9alit\u00e9 et m\u2019investir dans ces journ\u00e9es cadr\u00e9es au rythme dense. Ces temps de m\u00e9ditation, m\u2019ont permis de mettre \u00e0 distance mes \u00e9motions et mes difficult\u00e9s pour lesquelles j\u2019avais d\u00e9cid\u00e9 de venir. Je suis arriv\u00e9 tendu et un peu perdu dans mes perspectives professionnelles. Je suis reparti serein, dans l\u2019accueil de ce qui est.<br>Si la montagne est toujours devant moi, je ne suis plus t\u00e9tanis\u00e9 \u00e0 l\u2019id\u00e9e de son ascension. Je me sens en confiance et lib\u00e9r\u00e9 de mes peurs, en capacit\u00e9 de la gravir pas \u00e0 pas, \u00e0 mon rythme, sans stress ni pr\u00e9cipitation. L\u2019autre b\u00e9n\u00e9fice de ce s\u00e9jour c\u2019est qu\u2019il m\u2019a aussi permis de m\u2019ouvrir davantage aux possibles. D\u2019\u00eatre \u00e0 l\u2019\u00e9coute de ce qui se pr\u00e9sente \u00e0 soi et de l\u2019accueillir aussi \u00e9videment et simplement que mes h\u00f4tes pour moi.<br>Je ne peux parler de la Mudit\u0101 et de Yannick sans \u00e9voquer la maison de Plovan et Pascal. Deux cadres diff\u00e9rents et compl\u00e9mentaires. Comme le yin et le yang. La puissance masculine de l\u2019oc\u00e9an face \u00e0 la douceur f\u00e9minine de l\u2019\u00e9crin de verdure. L&#8217;abondance de biens face au d\u00e9pouillement. Le feu face \u00e0 l\u2019eau. Deux personnalit\u00e9s singuli\u00e8res mais un m\u00eame \u00e9lan vers l\u2019autre dans la simplicit\u00e9 de son accueil . A Plovan j&#8217;ai v\u00e9cu un moment extatique de m\u00e9ditation devant le coucher de soleil sur l\u2019immensit\u00e9 de l\u2019oc\u00e9an, Une m\u00e9ditation sonore et une autre dynamique qui sont autant de fa\u00e7ons diff\u00e9rentes d\u2019entrer en \u00e9tat de pleine conscience.<br>En conclusion je dirais que tout ici invite \u00e0 l\u2019int\u00e9riorit\u00e9 et au partage, \u00e0 l\u2019ouverture \u00e0 soi et aux autres, au l\u00e2cher prise et \u00e0 l\u2019Amour (n\u2019ayons pas peur de ce mot). Vous m\u2019avez offert par votre projet et ce que vous \u00eates un magnifique voyage en pleine conscience. Ce voyage est un commencement pour moi. Merci de m\u2019avoir accompagn\u00e9 dans cet accouchement . Il me reste \u00e0 poursuivre ce chemin sur lequel, j\u2019en suis certain vous serez pr\u00e9sent en mon c\u0153ur et physiquement pour un nouveau partage.<\/p><\/blockquote>\n","protected":false},"excerpt":{"rendered":"<p>Thomas est venue en juillet 2022 dans le cadre d&#8217;un s\u00e9jour individuel. Il a transmis cette vid\u00e9o quelques jours apr\u00e8s ce s\u00e9jour. Marion est venue en mars 2022 dans le cadre d&#8217;un s\u00e9jour individuel et a r\u00e9alis\u00e9 ce dessin qu&#8217;elle a offert en partant Pauline est venue en avril 2021 dans le cadre d&#8217;un s\u00e9jour &hellip; <a href=\"https:\/\/meditentramis.net\/index.php\/temoignages-apres-un-sejour-individuel\/\" class=\"more-link\">Continue reading<span class=\"screen-reader-text\"> &#8220;T\u00e9moignages apr\u00e8s un s\u00e9jour individuel&#8221;<\/span><\/a><\/p>\n","protected":false},"author":1,"featured_media":0,"parent":0,"menu_order":0,"comment_status":"closed","ping_status":"closed","template":"","meta":{"footnotes":""},"_links":{"self":[{"href":"https:\/\/meditentramis.net\/index.php\/wp-json\/wp\/v2\/pages\/2886"}],"collection":[{"href":"https:\/\/meditentramis.net\/index.php\/wp-json\/wp\/v2\/pages"}],"about":[{"href":"https:\/\/meditentramis.net\/index.php\/wp-json\/wp\/v2\/types\/page"}],"author":[{"embeddable":true,"href":"https:\/\/meditentramis.net\/index.php\/wp-json\/wp\/v2\/users\/1"}],"replies":[{"embeddable":true,"href":"https:\/\/meditentramis.net\/index.php\/wp-json\/wp\/v2\/comments?post=2886"}],"version-history":[{"count":13,"href":"https:\/\/meditentramis.net\/index.php\/wp-json\/wp\/v2\/pages\/2886\/revisions"}],"predecessor-version":[{"id":3491,"href":"https:\/\/meditentramis.net\/index.php\/wp-json\/wp\/v2\/pages\/2886\/revisions\/3491"}],"wp:attachment":[{"href":"https:\/\/meditentramis.net\/index.php\/wp-json\/wp\/v2\/media?parent=2886"}],"curies":[{"name":"wp","href":"https:\/\/api.w.org\/{rel}","templated":true}]}}