{"id":644,"date":"2019-11-29T18:28:29","date_gmt":"2019-11-29T17:28:29","guid":{"rendered":"http:\/\/meditentramis.net\/?page_id=644"},"modified":"2024-04-26T13:50:36","modified_gmt":"2024-04-26T11:50:36","slug":"yannick","status":"publish","type":"page","link":"https:\/\/meditentramis.net\/index.php\/yannick\/","title":{"rendered":"Yannick et La Mudit\u0101"},"content":{"rendered":"<table>\n<tbody>\n<tr>\n<td><img loading=\"lazy\" decoding=\"async\" class=\"alignnone wp-image-690 \" src=\"https:\/\/meditentramis.net\/wp-content\/uploads\/2019\/11\/YannickPetit.jpg\" alt=\"\" width=\"128\" height=\"183\" \/><\/td>\n<td><img loading=\"lazy\" decoding=\"async\" class=\"alignnone wp-image-2983 size-large\" src=\"https:\/\/meditentramis.net\/wp-content\/uploads\/2021\/11\/flyer-La-mudita-les-versions-V2-5-1024x724.jpg\" alt=\"\" width=\"840\" height=\"594\" srcset=\"https:\/\/meditentramis.net\/wp-content\/uploads\/2021\/11\/flyer-La-mudita-les-versions-V2-5-1024x724.jpg 1024w, https:\/\/meditentramis.net\/wp-content\/uploads\/2021\/11\/flyer-La-mudita-les-versions-V2-5-300x212.jpg 300w, https:\/\/meditentramis.net\/wp-content\/uploads\/2021\/11\/flyer-La-mudita-les-versions-V2-5-768x543.jpg 768w, https:\/\/meditentramis.net\/wp-content\/uploads\/2021\/11\/flyer-La-mudita-les-versions-V2-5.jpg 1123w\" sizes=\"(max-width: 709px) 85vw, (max-width: 909px) 67vw, (max-width: 1362px) 62vw, 840px\" \/><\/td>\n<\/tr>\n<\/tbody>\n<\/table>\n<p>Je m&#8217;appelle Yannick et je suis retrait\u00e9 depuis 4 ans.<br \/>Je vis depuis 3 ans \u00e0 Plogastel-Saint-Germain en Bretagne dans le Finist\u00e8re\u00a0 \u00e0 15 kms de Quimper dans une maison appel\u00e9e La Mudit\u0101. Je peux y h\u00e9berger dans de bonnes conditions jusqu&#8217;\u00e0 8 personnes et c&#8217;est avec plaisir que j&#8217;accueille des membres de l<a href=\"https:\/\/meditentramis.net\">&#8216;association <span id=\"invitation\"><span id=\"activites\">Medit&#8217;Entr&#8217;Amis<\/span><\/span><\/a> pour des s\u00e9ances de m\u00e9ditation, des s\u00e9jours de groupe ou des s\u00e9jours individuels.<\/p>\n<p>je pratique la m\u00e9ditation mindfulness (vipassana 100% la\u00efc) depuis quelques ann\u00e9es. J&#8217;ai effectu\u00e9 quelques retraites en silence, certaines de quelques heures, d&#8217;autres de plusieurs jours. La m\u00e9ditation fait maintenant partie int\u00e9grante de ma vie. Elle me permet d&#8217;apprendre \u00e0 appr\u00e9cier la vie telle qu&#8217;elle est, maintenant. Elle me permet d&#8217;\u00eatre mieux avec moi m\u00eame et avec les autres. Je ne suis pas un enseignant de m\u00e9ditation mais je peux n\u00e9anmoins guider les personnes int\u00e9ress\u00e9es pour une initiation.<\/p>\n<p><span id=\"invitation\"><span id=\"activites\"><strong><span style=\"color: #ff0000;\">S\u00e9jours \u00e0 La Mudit\u0101<br \/><\/span><\/strong>La Mudit\u0101 accueille, sur des dur\u00e9es de plusieurs semaines \u00e0 quelques mois, des personnes int\u00e9ress\u00e9es par la m\u00e9ditation de pleine conscience et la vie communautaire en pleine pr\u00e9sence.<br \/><\/span><\/span><\/p>\n<p><span id=\"invitation\"><span id=\"activites\"><strong><span style=\"color: #ff0000;\">Je\u00a0 suis motiv\u00e9 par le projet Medit&#8217;Entr&#8217;Amis car<\/span><\/strong><\/span><\/span><\/p>\n<ul>\n<li>vivre sa vie en pleine pr\u00e9sence est une exp\u00e9rience \u00e9tonnante<\/li>\n<li>la m\u00e9ditation m&#8217;apporte beaucoup et j&#8217;ai beaucoup de plaisir \u00e0 m\u00e9diter avec d&#8217;autres personnes et aussi \u00e0 initier \u00e0 la m\u00e9ditation les personnes n&#8217;en ayant jamais fait,<\/li>\n<li>J&#8217;aime l&#8217;ambiance de\u00a0 vie communautaire lorsqu&#8217;elle est bas\u00e9e sur les principes de bienveillance, de tol\u00e9rance et de respect de l&#8217;autre,<\/li>\n<li>nous sommes dans une p\u00e9riode troubl\u00e9e en particulier avec les guerres, les probl\u00e8mes de climat, de biodiversit\u00e9 et d&#8217;appauvrissement des sols. La solidarit\u00e9, la fraternit\u00e9 et la sagesse sont des valeurs devenues encore plus importantes.<\/li>\n<\/ul>\n<p><strong><span style=\"color: #ff0000;\">\u00a0<\/span><\/strong><\/p>\n<p><strong><span style=\"color: #ff0000;\">Comment me joindre ?<\/span><\/strong><br \/>Pour joindre Yannick,\u00a0 \u00e9crire \u00e0 yannick@meditentramis.net\u00a0 ou <a href=\"https:\/\/meditentramis.net\/index.php\/contacter\/\">contacter l&#8217;association<\/a>.<\/p>\n<h6 align=\"justify\">Que signifie Mudita ?<br \/>What does Mudita mean?<\/h6>\n<p align=\"justify\"><i><b>Mudit\u0101 <\/b>d\u00e9signe la joie dans la philosophie bouddhiste. C&#8217;est plus pr\u00e9cis\u00e9ment une joie empathique, une joie bienveillante et altruiste qui se r\u00e9jouit du bonheur et des succ\u00e8s des autres. C&#8217;est une joie sacr\u00e9e qui fait son d\u00e9lice du bien-\u00eatre de son prochain, au lieu de nourrir des pens\u00e9es envieuses et jalouses \u00e0 son \u00e9gard. (source wikip\u00e9dia)<br \/><\/i><span style=\"color: #993366;\"><i>Mudit\u0101 designates joy in Buddhist philosophy. More precisely, it is an empathetic joy, a benevolent and altruistic joy that rejoices in the happiness and success of others. It is a sacred joy which delights the well-being of his neighbor, instead of harboring envious and jealous thoughts towards him. (source wikipedia)<\/i><\/span><\/p>\n\n\n<p><\/p>\n\n\n\n<p><strong>Vous pouvez voir quelques photos de la Mudit\u0101 <a href=\"https:\/\/meditentramis.net\/index.php\/photos-mudita\/\">ici<\/a>.<\/strong><\/p>\n","protected":false},"excerpt":{"rendered":"<p>Je m&#8217;appelle Yannick et je suis retrait\u00e9 depuis 4 ans.Je vis depuis 3 ans \u00e0 Plogastel-Saint-Germain en Bretagne dans le Finist\u00e8re\u00a0 \u00e0 15 kms de Quimper dans une maison appel\u00e9e La Mudit\u0101. Je peux y h\u00e9berger dans de bonnes conditions jusqu&#8217;\u00e0 8 personnes et c&#8217;est avec plaisir que j&#8217;accueille des membres de l&#8216;association Medit&#8217;Entr&#8217;Amis pour &hellip; <a href=\"https:\/\/meditentramis.net\/index.php\/yannick\/\" class=\"more-link\">Continue reading<span class=\"screen-reader-text\"> &#8220;Yannick et La Mudit\u0101&#8221;<\/span><\/a><\/p>\n","protected":false},"author":1,"featured_media":0,"parent":0,"menu_order":0,"comment_status":"closed","ping_status":"closed","template":"","meta":{"footnotes":""},"_links":{"self":[{"href":"https:\/\/meditentramis.net\/index.php\/wp-json\/wp\/v2\/pages\/644"}],"collection":[{"href":"https:\/\/meditentramis.net\/index.php\/wp-json\/wp\/v2\/pages"}],"about":[{"href":"https:\/\/meditentramis.net\/index.php\/wp-json\/wp\/v2\/types\/page"}],"author":[{"embeddable":true,"href":"https:\/\/meditentramis.net\/index.php\/wp-json\/wp\/v2\/users\/1"}],"replies":[{"embeddable":true,"href":"https:\/\/meditentramis.net\/index.php\/wp-json\/wp\/v2\/comments?post=644"}],"version-history":[{"count":63,"href":"https:\/\/meditentramis.net\/index.php\/wp-json\/wp\/v2\/pages\/644\/revisions"}],"predecessor-version":[{"id":3730,"href":"https:\/\/meditentramis.net\/index.php\/wp-json\/wp\/v2\/pages\/644\/revisions\/3730"}],"wp:attachment":[{"href":"https:\/\/meditentramis.net\/index.php\/wp-json\/wp\/v2\/media?parent=644"}],"curies":[{"name":"wp","href":"https:\/\/api.w.org\/{rel}","templated":true}]}}